{"id":375,"date":"2019-09-09T17:58:36","date_gmt":"2019-09-09T17:58:36","guid":{"rendered":"https:\/\/www.btaytd.org\/web\/?page_id=375"},"modified":"2019-09-15T22:20:06","modified_gmt":"2019-09-15T22:20:06","slug":"dis-iliskiler-ve-insan-haklari","status":"publish","type":"page","link":"https:\/\/www.btaytd.org\/web\/tr\/dis-iliskiler-ve-insan-haklari\/","title":{"rendered":"D\u0131\u015f \u0130li\u015fkiler ve \u0130nsan Haklar\u0131"},"content":{"rendered":"<div id=\"pl-gb375-69f510b941df7\"  class=\"panel-layout\" ><div id=\"pg-gb375-69f510b941df7-0\"  class=\"panel-grid panel-no-style\" ><div id=\"pgc-gb375-69f510b941df7-0-0\"  class=\"panel-grid-cell\"  data-weight=\"1\" ><div id=\"panel-gb375-69f510b941df7-0-0-0\" class=\"so-panel widget widget_oc-block-9 panel-first-child panel-last-child\" data-index=\"0\" data-style=\"{&quot;background_image_attachment&quot;:false,&quot;background_display&quot;:&quot;tile&quot;}\" ><div\n\t\t\t\n\t\t\tclass=\"so-widget-oc-block-9 so-widget-oc-block-9-default-f6168c8701ce-375\"\n\t\t\t\n\t\t><div id=\"flipmag-bid-tcihqjpnombedrgxvkzafuylw\"><div class=\"oc-block block-9 row\"  data-id=\"tcihqjpnombedrgxvkzafuylw\" id=\"block_tcihqjpnombedrgxvkzafuylw\" ><div class=\"column half\"><article class=\"post-11766 post type-post status-publish format-standard has-post-thumbnail category-dis-iliskiler-ve-insan-haklari category-fotograflar category-genc-akademisyenler-toplulugu \" itemscope itemtype=\"http:\/\/schema.org\/Article\" ><div class=\"thumbs\"><span class=\"cat-title cat-46\"><a href=\"https:\/\/www.btaytd.org\/web\/tr\/category\/dis-iliskiler-ve-insan-haklari\/\">D\u0131\u015f \u0130li\u015fkiler ve \u0130nsan Haklar\u0131<\/a><\/span><span class=\"fa fa-circle-o-notch fa-spin loader-img\"><\/span><a href=\"https:\/\/www.btaytd.org\/web\/tr\/12-ay-12-mutluluk\/\" itemprop=\"url\"><img loading=\"lazy\" decoding=\"async\" width=\"702\" height=\"336\" src=\"https:\/\/www.btaytd.org\/web\/wp-content\/uploads\/2026\/04\/image1-2-702x336.jpeg\" class=\"attachment-flipmag-main-slider size-flipmag-main-slider wp-post-image\" alt=\"\" title=\"12 AY 12 MUTLULUK\" itemprop=\"image\" srcset=\"https:\/\/www.btaytd.org\/web\/wp-content\/uploads\/2026\/04\/image1-2-702x336.jpeg 702w, https:\/\/www.btaytd.org\/web\/wp-content\/uploads\/2026\/04\/image1-2-1078x516.jpeg 1078w\" sizes=\"(max-width: 702px) 100vw, 702px\" \/><\/a><\/div><div class=\"content\"><a href=\"https:\/\/www.btaytd.org\/web\/tr\/12-ay-12-mutluluk\/\" title=\"12 AY 12 MUTLULUK\" itemprop=\"name url\"><h3>12 AY 12 MUTLULUK<\/h3><\/a><div class=\"block-meta\"><span class=\"posted-by\">By <span class=\"author\" itemprop=\"author\"><a href=\"https:\/\/www.btaytd.org\/web\/author\/btaytd\/\">BTAYTD BTAYTD<\/a><\/span><\/span><time datetime=\"2026-04-20T10:01:47+00:00\" itemprop=\"datePublished\"><a href=\"https:\/\/www.btaytd.org\/web\/2026\/04\/20\/\">Nisan 20, 2026<\/a><\/time><span class=\"comments\"><a href=\"https:\/\/www.btaytd.org\/web\/tr\/12-ay-12-mutluluk\/#respond\"><i class=\"fa fa-comments-o\"><\/i> 0<\/a><\/span><\/div><div class=\"excerpt\"><p>Gen\u00e7 Akademisyenler toplulu\u011fu olarak Nisan ay\u0131 itibar\u0131yla \u201c12 Ay 12 Mutluluk\u201d projemizi ba\u015flatm\u0131\u015f bulunuyoruz  Bu anlaml\u0131 yolculu\u011fa, G\u00fcm\u00fclcine \u015fehrimiz ve&hellip;<\/p>\n<\/div><\/div><\/article><\/div><div class=\"column half\"><article class=\"post-11590 post type-post status-publish format-standard has-post-thumbnail category-alt-kurullar category-dis-iliskiler-ve-insan-haklari category-fotograflar category-haberler \" itemscope itemtype=\"http:\/\/schema.org\/Article\" ><div class=\"thumbs\"><span class=\"cat-title cat-44\"><a href=\"https:\/\/www.btaytd.org\/web\/tr\/category\/alt-kurullar\/\">Alt Kurullar<\/a><\/span><span class=\"fa fa-circle-o-notch fa-spin loader-img\"><\/span><a href=\"https:\/\/www.btaytd.org\/web\/tr\/bati-trakya-turk-heyeti-agit-tamamlayici-insani-boyut-toplantisina-katildi\/\" itemprop=\"url\"><img loading=\"lazy\" decoding=\"async\" width=\"702\" height=\"336\" src=\"https:\/\/www.btaytd.org\/web\/wp-content\/uploads\/2026\/03\/kpk-702x336.jpeg\" class=\"attachment-flipmag-main-slider size-flipmag-main-slider wp-post-image\" alt=\"\" title=\"BATI TRAKYA T\u00dcRK HEYET\u0130 AG\u0130T TAMAMLAYICI \u0130NSANI BOYUT TOPLANTISINA KATILDI\" itemprop=\"image\" srcset=\"https:\/\/www.btaytd.org\/web\/wp-content\/uploads\/2026\/03\/kpk-702x336.jpeg 702w, https:\/\/www.btaytd.org\/web\/wp-content\/uploads\/2026\/03\/kpk-1078x516.jpeg 1078w\" sizes=\"(max-width: 702px) 100vw, 702px\" \/><\/a><\/div><div class=\"content\"><a href=\"https:\/\/www.btaytd.org\/web\/tr\/bati-trakya-turk-heyeti-agit-tamamlayici-insani-boyut-toplantisina-katildi\/\" title=\"BATI TRAKYA T\u00dcRK HEYET\u0130 AG\u0130T TAMAMLAYICI \u0130NSANI BOYUT TOPLANTISINA KATILDI\" itemprop=\"name url\"><h3>BATI TRAKYA T\u00dcRK HEYET\u0130 AG\u0130T TAMAMLAYICI \u0130NSANI BOYUT TOPLANTISINA KATILDI<\/h3><\/a><div class=\"block-meta\"><span class=\"posted-by\">By <span class=\"author\" itemprop=\"author\"><a href=\"https:\/\/www.btaytd.org\/web\/author\/btaytd\/\">BTAYTD BTAYTD<\/a><\/span><\/span><time datetime=\"2026-03-19T08:40:03+00:00\" itemprop=\"datePublished\"><a href=\"https:\/\/www.btaytd.org\/web\/2026\/03\/19\/\">Mart 19, 2026<\/a><\/time><span class=\"comments\"><a href=\"https:\/\/www.btaytd.org\/web\/tr\/bati-trakya-turk-heyeti-agit-tamamlayici-insani-boyut-toplantisina-katildi\/#respond\"><i class=\"fa fa-comments-o\"><\/i> 0<\/a><\/span><\/div><div class=\"excerpt\"><p>Bat\u0131 Trakya T\u00fcrkleri 2026 y\u0131l\u0131n\u0131n AG\u0130T 1. Tamamlay\u0131c\u0131 \u0130nsani Boyut Toplant\u0131s\u0131nda temsil edildi. 16-17 Mart tarihlerinde Viyana\u2019da ger\u00e7ekle\u015fen toplant\u0131ya BTAYTD&hellip;<\/p>\n<\/div><\/div><\/article><\/div><div class=\"column half\"><article class=\"post-11185 post type-post status-publish format-standard has-post-thumbnail category-dis-iliskiler-ve-insan-haklari category-fotograflar category-haberler \" itemscope itemtype=\"http:\/\/schema.org\/Article\" ><div class=\"thumbs\"><span class=\"cat-title cat-46\"><a href=\"https:\/\/www.btaytd.org\/web\/tr\/category\/dis-iliskiler-ve-insan-haklari\/\">D\u0131\u015f \u0130li\u015fkiler ve \u0130nsan Haklar\u0131<\/a><\/span><span class=\"fa fa-circle-o-notch fa-spin loader-img\"><\/span><a href=\"https:\/\/www.btaytd.org\/web\/tr\/bati-trakya-turk-azinligi-bm-azinliklar-forumunda-temsil-edildi\/\" itemprop=\"url\"><img loading=\"lazy\" decoding=\"async\" width=\"448\" height=\"336\" src=\"https:\/\/www.btaytd.org\/web\/wp-content\/uploads\/2025\/11\/IMG_1905-2-scaled.jpg\" class=\"attachment-flipmag-main-slider size-flipmag-main-slider wp-post-image\" alt=\"\" title=\"Bat\u0131 Trakya T\u00fcrk Az\u0131nl\u0131\u011f\u0131 BM Az\u0131nl\u0131klar Forumu\u2019nda Temsil Edildi\" itemprop=\"image\" srcset=\"https:\/\/www.btaytd.org\/web\/wp-content\/uploads\/2025\/11\/IMG_1905-2-scaled.jpg 2560w, https:\/\/www.btaytd.org\/web\/wp-content\/uploads\/2025\/11\/IMG_1905-2-300x225.jpg 300w, https:\/\/www.btaytd.org\/web\/wp-content\/uploads\/2025\/11\/IMG_1905-2-1024x768.jpg 1024w\" sizes=\"(max-width: 448px) 100vw, 448px\" \/><\/a><\/div><div class=\"content\"><a href=\"https:\/\/www.btaytd.org\/web\/tr\/bati-trakya-turk-azinligi-bm-azinliklar-forumunda-temsil-edildi\/\" title=\"Bat\u0131 Trakya T\u00fcrk Az\u0131nl\u0131\u011f\u0131 BM Az\u0131nl\u0131klar Forumu\u2019nda Temsil Edildi\" itemprop=\"name url\"><h3>Bat\u0131 Trakya T\u00fcrk Az\u0131nl\u0131\u011f\u0131 BM Az\u0131nl\u0131klar Forumu\u2019nda Temsil Edildi<\/h3><\/a><div class=\"block-meta\"><span class=\"posted-by\">By <span class=\"author\" itemprop=\"author\"><a href=\"https:\/\/www.btaytd.org\/web\/author\/btaytd\/\">BTAYTD BTAYTD<\/a><\/span><\/span><time datetime=\"2025-12-01T08:53:34+00:00\" itemprop=\"datePublished\"><a href=\"https:\/\/www.btaytd.org\/web\/2025\/12\/01\/\">Aral\u0131k 1, 2025<\/a><\/time><span class=\"comments\"><a href=\"https:\/\/www.btaytd.org\/web\/tr\/bati-trakya-turk-azinligi-bm-azinliklar-forumunda-temsil-edildi\/#respond\"><i class=\"fa fa-comments-o\"><\/i> 0<\/a><\/span><\/div><div class=\"excerpt\"><p>Bat\u0131 Trakya T\u00fcrk Az\u0131nl\u0131\u011f\u0131 BM Az\u0131nl\u0131klar Forumu\u2019nda Temsil Edildi Bat\u0131 Trakya Az\u0131nl\u0131\u011f\u0131 Y\u00fcksek Tahsilliler Derne\u011fi (BTAYTD), Birle\u015fmi\u015f Milletler (BM) Az\u0131nl\u0131klar&hellip;<\/p>\n<\/div><\/div><\/article><\/div><div class=\"column half\"><article class=\"post-11022 post type-post status-publish format-standard has-post-thumbnail category-dis-iliskiler-ve-insan-haklari category-duyurular category-fotograflar category-haberler \" itemscope itemtype=\"http:\/\/schema.org\/Article\" ><div class=\"thumbs\"><span class=\"cat-title cat-46\"><a href=\"https:\/\/www.btaytd.org\/web\/tr\/category\/dis-iliskiler-ve-insan-haklari\/\">D\u0131\u015f \u0130li\u015fkiler ve \u0130nsan Haklar\u0131<\/a><\/span><span class=\"fa fa-circle-o-notch fa-spin loader-img\"><\/span><a href=\"https:\/\/www.btaytd.org\/web\/tr\/btaytd-agit-2025-insani-boyut-konferansinda-3\/\" itemprop=\"url\"><img loading=\"lazy\" decoding=\"async\" width=\"702\" height=\"336\" src=\"https:\/\/www.btaytd.org\/web\/wp-content\/uploads\/2025\/10\/34e65f2a-d5d0-4bb8-8308-6e8f9978a6c9-1-702x336.jpg\" class=\"attachment-flipmag-main-slider size-flipmag-main-slider wp-post-image\" alt=\"\" title=\"BTAYTD AG\u0130T 2025 \u0130nsani Boyut Konferans\u0131nda\" itemprop=\"image\" srcset=\"https:\/\/www.btaytd.org\/web\/wp-content\/uploads\/2025\/10\/34e65f2a-d5d0-4bb8-8308-6e8f9978a6c9-1-702x336.jpg 702w, https:\/\/www.btaytd.org\/web\/wp-content\/uploads\/2025\/10\/34e65f2a-d5d0-4bb8-8308-6e8f9978a6c9-1-1078x516.jpg 1078w\" sizes=\"(max-width: 702px) 100vw, 702px\" \/><\/a><\/div><div class=\"content\"><a href=\"https:\/\/www.btaytd.org\/web\/tr\/btaytd-agit-2025-insani-boyut-konferansinda-3\/\" title=\"BTAYTD AG\u0130T 2025 \u0130nsani Boyut Konferans\u0131nda\" itemprop=\"name url\"><h3>BTAYTD AG\u0130T 2025 \u0130nsani Boyut Konferans\u0131nda<\/h3><\/a><div class=\"block-meta\"><span class=\"posted-by\">By <span class=\"author\" itemprop=\"author\"><a href=\"https:\/\/www.btaytd.org\/web\/author\/btaytd\/\">BTAYTD BTAYTD<\/a><\/span><\/span><time datetime=\"2025-10-16T10:06:10+00:00\" itemprop=\"datePublished\"><a href=\"https:\/\/www.btaytd.org\/web\/2025\/10\/16\/\">Ekim 16, 2025<\/a><\/time><span class=\"comments\"><a href=\"https:\/\/www.btaytd.org\/web\/tr\/btaytd-agit-2025-insani-boyut-konferansinda-3\/#respond\"><i class=\"fa fa-comments-o\"><\/i> 0<\/a><\/span><\/div><div class=\"excerpt\"><p>BTAYTD \u201c Bar\u0131\u015f\u00e7\u0131l toplanma ve \u00f6rg\u00fctlenme \u00f6zg\u00fcrl\u00fc\u011f\u00fc, insan haklar\u0131 savunucular\u0131, ulusal insan haklar\u0131 kurumlar\u0131, d\u00fc\u015f\u00fcnce, vicdan, din veya inan\u00e7 \u00f6zg\u00fcrl\u00fc\u011f\u00fc\u201d&hellip;<\/p>\n<\/div><\/div><\/article><\/div><div class=\"column half\"><article class=\"post-11010 post type-post status-publish format-standard has-post-thumbnail category-dis-iliskiler-ve-insan-haklari category-duyurular category-fotograflar \" itemscope itemtype=\"http:\/\/schema.org\/Article\" ><div class=\"thumbs\"><span class=\"cat-title cat-46\"><a href=\"https:\/\/www.btaytd.org\/web\/tr\/category\/dis-iliskiler-ve-insan-haklari\/\">D\u0131\u015f \u0130li\u015fkiler ve \u0130nsan Haklar\u0131<\/a><\/span><span class=\"fa fa-circle-o-notch fa-spin loader-img\"><\/span><a href=\"https:\/\/www.btaytd.org\/web\/tr\/btaytd-agit-2025-insani-boyut-konferansinda-2\/\" itemprop=\"url\"><img loading=\"lazy\" decoding=\"async\" width=\"702\" height=\"336\" src=\"https:\/\/www.btaytd.org\/web\/wp-content\/uploads\/2025\/10\/ab085d3a-b8aa-4c96-872b-bb54ed953eef-702x336.jpg\" class=\"attachment-flipmag-main-slider size-flipmag-main-slider wp-post-image\" alt=\"\" title=\"BTAYTD AG\u0130T 2025 \u0130nsani Boyut Konferans\u0131nda\" itemprop=\"image\" srcset=\"https:\/\/www.btaytd.org\/web\/wp-content\/uploads\/2025\/10\/ab085d3a-b8aa-4c96-872b-bb54ed953eef-702x336.jpg 702w, https:\/\/www.btaytd.org\/web\/wp-content\/uploads\/2025\/10\/ab085d3a-b8aa-4c96-872b-bb54ed953eef-1078x516.jpg 1078w\" sizes=\"(max-width: 702px) 100vw, 702px\" \/><\/a><\/div><div class=\"content\"><a href=\"https:\/\/www.btaytd.org\/web\/tr\/btaytd-agit-2025-insani-boyut-konferansinda-2\/\" title=\"BTAYTD AG\u0130T 2025 \u0130nsani Boyut Konferans\u0131nda\" itemprop=\"name url\"><h3>BTAYTD AG\u0130T 2025 \u0130nsani Boyut Konferans\u0131nda<\/h3><\/a><div class=\"block-meta\"><span class=\"posted-by\">By <span class=\"author\" itemprop=\"author\"><a href=\"https:\/\/www.btaytd.org\/web\/author\/btaytd\/\">BTAYTD BTAYTD<\/a><\/span><\/span><time datetime=\"2025-10-15T08:23:58+00:00\" itemprop=\"datePublished\"><a href=\"https:\/\/www.btaytd.org\/web\/2025\/10\/15\/\">Ekim 15, 2025<\/a><\/time><span class=\"comments\"><a href=\"https:\/\/www.btaytd.org\/web\/tr\/btaytd-agit-2025-insani-boyut-konferansinda-2\/#respond\"><i class=\"fa fa-comments-o\"><\/i> 0<\/a><\/span><\/div><div class=\"excerpt\"><p>BTAYTD \u201cKad\u0131nlar ve erkekler i\u00e7in e\u015fit f\u0131rsatlar, kad\u0131nlara ve k\u0131z \u00e7ocuklar\u0131na y\u00f6nelik \u015fiddetin \u00f6nlenmesi ve bununla m\u00fccadele edilmesi, toplumsal cinsiyet&hellip;<\/p>\n<\/div><\/div><\/article><\/div><div class=\"column half\"><article class=\"post-11007 post type-post status-publish format-standard has-post-thumbnail category-dis-iliskiler-ve-insan-haklari category-duyurular category-fotograflar \" itemscope itemtype=\"http:\/\/schema.org\/Article\" ><div class=\"thumbs\"><span class=\"cat-title cat-46\"><a href=\"https:\/\/www.btaytd.org\/web\/tr\/category\/dis-iliskiler-ve-insan-haklari\/\">D\u0131\u015f \u0130li\u015fkiler ve \u0130nsan Haklar\u0131<\/a><\/span><span class=\"fa fa-circle-o-notch fa-spin loader-img\"><\/span><a href=\"https:\/\/www.btaytd.org\/web\/tr\/btaytd-agit-2025-insani-boyut-konferansinda\/\" itemprop=\"url\"><img loading=\"lazy\" decoding=\"async\" width=\"702\" height=\"336\" src=\"https:\/\/www.btaytd.org\/web\/wp-content\/uploads\/2025\/10\/260a05e7-f0c4-498b-9ba0-8d7471e6657f-702x336.jpg\" class=\"attachment-flipmag-main-slider size-flipmag-main-slider wp-post-image\" alt=\"\" title=\"BTAYTD AG\u0130T 2025 \u0130nsani Boyut Konferans\u0131nda\" itemprop=\"image\" srcset=\"https:\/\/www.btaytd.org\/web\/wp-content\/uploads\/2025\/10\/260a05e7-f0c4-498b-9ba0-8d7471e6657f-702x336.jpg 702w, https:\/\/www.btaytd.org\/web\/wp-content\/uploads\/2025\/10\/260a05e7-f0c4-498b-9ba0-8d7471e6657f-1078x516.jpg 1078w\" sizes=\"(max-width: 702px) 100vw, 702px\" \/><\/a><\/div><div class=\"content\"><a href=\"https:\/\/www.btaytd.org\/web\/tr\/btaytd-agit-2025-insani-boyut-konferansinda\/\" title=\"BTAYTD AG\u0130T 2025 \u0130nsani Boyut Konferans\u0131nda\" itemprop=\"name url\"><h3>BTAYTD AG\u0130T 2025 \u0130nsani Boyut Konferans\u0131nda<\/h3><\/a><div class=\"block-meta\"><span class=\"posted-by\">By <span class=\"author\" itemprop=\"author\"><a href=\"https:\/\/www.btaytd.org\/web\/author\/btaytd\/\">BTAYTD BTAYTD<\/a><\/span><\/span><time datetime=\"2025-10-15T08:19:32+00:00\" itemprop=\"datePublished\"><a href=\"https:\/\/www.btaytd.org\/web\/2025\/10\/15\/\">Ekim 15, 2025<\/a><\/time><span class=\"comments\"><a href=\"https:\/\/www.btaytd.org\/web\/tr\/btaytd-agit-2025-insani-boyut-konferansinda\/#respond\"><i class=\"fa fa-comments-o\"><\/i> 0<\/a><\/span><\/div><div class=\"excerpt\"><p>BTAYTD \u201cUlusal az\u0131nl\u0131klara mensup ki\u015filerin haklar\u0131, Roman ve Sinti meseleleri\u201d ba\u015fl\u0131kl\u0131 7. Oturumda s\u00f6z alarak Bat\u0131 Trakya T\u00fcrk Az\u0131nl\u0131\u011f\u0131n\u0131n e\u011fitim&hellip;<\/p>\n<\/div><\/div><\/article><\/div><div class=\"column half\"><article class=\"post-10999 post type-post status-publish format-standard has-post-thumbnail category-dis-iliskiler-ve-insan-haklari category-duyurular category-fotograflar \" itemscope itemtype=\"http:\/\/schema.org\/Article\" ><div class=\"thumbs\"><span class=\"cat-title cat-46\"><a href=\"https:\/\/www.btaytd.org\/web\/tr\/category\/dis-iliskiler-ve-insan-haklari\/\">D\u0131\u015f \u0130li\u015fkiler ve \u0130nsan Haklar\u0131<\/a><\/span><span class=\"fa fa-circle-o-notch fa-spin loader-img\"><\/span><a href=\"https:\/\/www.btaytd.org\/web\/tr\/btaytd-agit-insani-boyut-konferansinda\/\" itemprop=\"url\"><img loading=\"lazy\" decoding=\"async\" width=\"702\" height=\"336\" src=\"https:\/\/www.btaytd.org\/web\/wp-content\/uploads\/2025\/10\/95b44c45-7df9-4f0a-8121-91c7dd3ed6ab-702x336.jpg\" class=\"attachment-flipmag-main-slider size-flipmag-main-slider wp-post-image\" alt=\"\" title=\"BTAYTD AG\u0130T \u0130NSAN\u0130 BOYUT KONFERANSI&#8217;NDA\" itemprop=\"image\" srcset=\"https:\/\/www.btaytd.org\/web\/wp-content\/uploads\/2025\/10\/95b44c45-7df9-4f0a-8121-91c7dd3ed6ab-702x336.jpg 702w, https:\/\/www.btaytd.org\/web\/wp-content\/uploads\/2025\/10\/95b44c45-7df9-4f0a-8121-91c7dd3ed6ab-1078x516.jpg 1078w\" sizes=\"(max-width: 702px) 100vw, 702px\" \/><\/a><\/div><div class=\"content\"><a href=\"https:\/\/www.btaytd.org\/web\/tr\/btaytd-agit-insani-boyut-konferansinda\/\" title=\"BTAYTD AG\u0130T \u0130NSAN\u0130 BOYUT KONFERANSI&#8217;NDA\" itemprop=\"name url\"><h3>BTAYTD AG\u0130T \u0130NSAN\u0130 BOYUT KONFERANSI&#8217;NDA<\/h3><\/a><div class=\"block-meta\"><span class=\"posted-by\">By <span class=\"author\" itemprop=\"author\"><a href=\"https:\/\/www.btaytd.org\/web\/author\/btaytd\/\">BTAYTD BTAYTD<\/a><\/span><\/span><time datetime=\"2025-10-15T08:06:35+00:00\" itemprop=\"datePublished\"><a href=\"https:\/\/www.btaytd.org\/web\/2025\/10\/15\/\">Ekim 15, 2025<\/a><\/time><span class=\"comments\"><a href=\"https:\/\/www.btaytd.org\/web\/tr\/btaytd-agit-insani-boyut-konferansinda\/#respond\"><i class=\"fa fa-comments-o\"><\/i> 0<\/a><\/span><\/div><div class=\"excerpt\"><p>BTAYTD AG\u0130T \u0130nsani Boyut Konferans\u0131\u2019na kat\u0131l\u0131yor. Var\u015fova\u2019da d\u00fczenlenen konferansta derne\u011fimizi \u0130nsan Haklar\u0131 Uzman\u0131 Kerem Abdurahimo\u011flu temsil ediyor.<\/p>\n<\/div><\/div><\/article><\/div><div class=\"column half\"><article class=\"post-10648 post type-post status-publish format-standard has-post-thumbnail category-dis-iliskiler-ve-insan-haklari category-fotograflar category-haberler \" itemscope itemtype=\"http:\/\/schema.org\/Article\" ><div class=\"thumbs\"><span class=\"cat-title cat-46\"><a href=\"https:\/\/www.btaytd.org\/web\/tr\/category\/dis-iliskiler-ve-insan-haklari\/\">D\u0131\u015f \u0130li\u015fkiler ve \u0130nsan Haklar\u0131<\/a><\/span><span class=\"fa fa-circle-o-notch fa-spin loader-img\"><\/span><a href=\"https:\/\/www.btaytd.org\/web\/tr\/btaytd-agit-helsinki-50-konfernasina-katildi\/\" itemprop=\"url\"><img loading=\"lazy\" decoding=\"async\" width=\"702\" height=\"336\" src=\"https:\/\/www.btaytd.org\/web\/wp-content\/uploads\/2025\/08\/Image-1-702x336.jpeg\" class=\"attachment-flipmag-main-slider size-flipmag-main-slider wp-post-image\" alt=\"\" title=\"BTAYTD AG\u0130T Helsinki 50+ Konfernas\u0131na Kat\u0131ld\u0131\" itemprop=\"image\" srcset=\"https:\/\/www.btaytd.org\/web\/wp-content\/uploads\/2025\/08\/Image-1-702x336.jpeg 702w, https:\/\/www.btaytd.org\/web\/wp-content\/uploads\/2025\/08\/Image-1-1078x516.jpeg 1078w\" sizes=\"(max-width: 702px) 100vw, 702px\" \/><\/a><\/div><div class=\"content\"><a href=\"https:\/\/www.btaytd.org\/web\/tr\/btaytd-agit-helsinki-50-konfernasina-katildi\/\" title=\"BTAYTD AG\u0130T Helsinki 50+ Konfernas\u0131na Kat\u0131ld\u0131\" itemprop=\"name url\"><h3>BTAYTD AG\u0130T Helsinki 50+ Konfernas\u0131na Kat\u0131ld\u0131<\/h3><\/a><div class=\"block-meta\"><span class=\"posted-by\">By <span class=\"author\" itemprop=\"author\"><a href=\"https:\/\/www.btaytd.org\/web\/author\/btaytd\/\">BTAYTD BTAYTD<\/a><\/span><\/span><time datetime=\"2025-08-08T08:00:16+00:00\" itemprop=\"datePublished\"><a href=\"https:\/\/www.btaytd.org\/web\/2025\/08\/08\/\">A\u011fustos 8, 2025<\/a><\/time><span class=\"comments\"><a href=\"https:\/\/www.btaytd.org\/web\/tr\/btaytd-agit-helsinki-50-konfernasina-katildi\/#respond\"><i class=\"fa fa-comments-o\"><\/i> 0<\/a><\/span><\/div><div class=\"excerpt\"><p>BTAYTD 30-31 Temmuz 2025 tarihlerinde AG\u0130T D\u00f6nem Ba\u015fkan\u0131 Finlandiya\u2019n\u0131nba\u015fkenti Helsinki\u2019de d\u00fczenlenen AG\u0130T Helsinki 50 + konferans\u0131na kat\u0131ld\u0131. FinlandiyaD\u0131\u015fi\u015fleri Bakanl\u0131\u011f\u0131 AG\u0130T\u2019in&hellip;<\/p>\n<\/div><\/div><\/article><\/div><div class=\"column half\"><article class=\"post-10406 post type-post status-publish format-standard has-post-thumbnail category-alt-kurullar category-dis-iliskiler-ve-insan-haklari category-fotograflar \" itemscope itemtype=\"http:\/\/schema.org\/Article\" ><div class=\"thumbs\"><span class=\"cat-title cat-44\"><a href=\"https:\/\/www.btaytd.org\/web\/tr\/category\/alt-kurullar\/\">Alt Kurullar<\/a><\/span><span class=\"fa fa-circle-o-notch fa-spin loader-img\"><\/span><a href=\"https:\/\/www.btaytd.org\/web\/tr\/btaytd-fuen-avrupa-azinlik-bolgeleri-forumuna-katildi\/\" itemprop=\"url\"><img loading=\"lazy\" decoding=\"async\" width=\"702\" height=\"336\" src=\"https:\/\/www.btaytd.org\/web\/wp-content\/uploads\/2025\/07\/Image-1-702x336.jpeg\" class=\"attachment-flipmag-main-slider size-flipmag-main-slider wp-post-image\" alt=\"\" title=\"BTAYTD FUEN AVRUPA AZINLIK B\u00d6LGELER\u0130 FORUMUNA KATILDI\" itemprop=\"image\" srcset=\"https:\/\/www.btaytd.org\/web\/wp-content\/uploads\/2025\/07\/Image-1-702x336.jpeg 702w, https:\/\/www.btaytd.org\/web\/wp-content\/uploads\/2025\/07\/Image-1-1078x516.jpeg 1078w\" sizes=\"(max-width: 702px) 100vw, 702px\" \/><\/a><\/div><div class=\"content\"><a href=\"https:\/\/www.btaytd.org\/web\/tr\/btaytd-fuen-avrupa-azinlik-bolgeleri-forumuna-katildi\/\" title=\"BTAYTD FUEN AVRUPA AZINLIK B\u00d6LGELER\u0130 FORUMUNA KATILDI\" itemprop=\"name url\"><h3>BTAYTD FUEN AVRUPA AZINLIK B\u00d6LGELER\u0130 FORUMUNA KATILDI<\/h3><\/a><div class=\"block-meta\"><span class=\"posted-by\">By <span class=\"author\" itemprop=\"author\"><a href=\"https:\/\/www.btaytd.org\/web\/author\/btaytd\/\">BTAYTD BTAYTD<\/a><\/span><\/span><time datetime=\"2025-07-01T07:12:26+00:00\" itemprop=\"datePublished\"><a href=\"https:\/\/www.btaytd.org\/web\/2025\/07\/01\/\">Temmuz 1, 2025<\/a><\/time><span class=\"comments\"><a href=\"https:\/\/www.btaytd.org\/web\/tr\/btaytd-fuen-avrupa-azinlik-bolgeleri-forumuna-katildi\/#respond\"><i class=\"fa fa-comments-o\"><\/i> 0<\/a><\/span><\/div><div class=\"excerpt\"><p>FUEN Avrupa Az\u0131nl\u0131k B\u00f6lgleri Forumu 26-28 Haziran 2025 tarihlerinde S\u0131rbistan\u2019\u0131n Voyvodina \u00d6zerk B\u00f6lgesinde Novi Sad \u015fehrinde ger\u00e7ekle\u015fti. Foruma BTAYTD\u2019ni temsilen&hellip;<\/p>\n<\/div><\/div><\/article><\/div><div class=\"column half\"><article class=\"post-10200 post type-post status-publish format-standard has-post-thumbnail category-dis-iliskiler-ve-insan-haklari category-fotograflar category-haberler \" itemscope itemtype=\"http:\/\/schema.org\/Article\" ><div class=\"thumbs\"><span class=\"cat-title cat-46\"><a href=\"https:\/\/www.btaytd.org\/web\/tr\/category\/dis-iliskiler-ve-insan-haklari\/\">D\u0131\u015f \u0130li\u015fkiler ve \u0130nsan Haklar\u0131<\/a><\/span><span class=\"fa fa-circle-o-notch fa-spin loader-img\"><\/span><a href=\"https:\/\/www.btaytd.org\/web\/tr\/bati-trakya-turk-azinligi-agit-insani-boyut-toplantisinda-temsil-edildi\/\" itemprop=\"url\"><img loading=\"lazy\" decoding=\"async\" width=\"702\" height=\"336\" src=\"https:\/\/www.btaytd.org\/web\/wp-content\/uploads\/2025\/06\/0f7c00a2-c33a-4c33-aea0-99b1932a735a-702x336.jpg\" class=\"attachment-flipmag-main-slider size-flipmag-main-slider wp-post-image\" alt=\"\" title=\"BATI TRAKYA T\u00dcRK AZINLI\u011eI AG\u0130T \u0130NSAN\u0130 BOYUT TOPLANTISINDA TEMS\u0130L ED\u0130LD\u0130\" itemprop=\"image\" srcset=\"https:\/\/www.btaytd.org\/web\/wp-content\/uploads\/2025\/06\/0f7c00a2-c33a-4c33-aea0-99b1932a735a-702x336.jpg 702w, https:\/\/www.btaytd.org\/web\/wp-content\/uploads\/2025\/06\/0f7c00a2-c33a-4c33-aea0-99b1932a735a-1078x516.jpg 1078w\" sizes=\"(max-width: 702px) 100vw, 702px\" \/><\/a><\/div><div class=\"content\"><a href=\"https:\/\/www.btaytd.org\/web\/tr\/bati-trakya-turk-azinligi-agit-insani-boyut-toplantisinda-temsil-edildi\/\" title=\"BATI TRAKYA T\u00dcRK AZINLI\u011eI AG\u0130T \u0130NSAN\u0130 BOYUT TOPLANTISINDA TEMS\u0130L ED\u0130LD\u0130\" itemprop=\"name url\"><h3>BATI TRAKYA T\u00dcRK AZINLI\u011eI AG\u0130T \u0130NSAN\u0130 BOYUT TOPLANTISINDA TEMS\u0130L ED\u0130LD\u0130<\/h3><\/a><div class=\"block-meta\"><span class=\"posted-by\">By <span class=\"author\" itemprop=\"author\"><a href=\"https:\/\/www.btaytd.org\/web\/author\/btaytd\/\">BTAYTD BTAYTD<\/a><\/span><\/span><time datetime=\"2025-06-04T19:08:45+00:00\" itemprop=\"datePublished\"><a href=\"https:\/\/www.btaytd.org\/web\/2025\/06\/04\/\">Haziran 4, 2025<\/a><\/time><span class=\"comments\"><a href=\"https:\/\/www.btaytd.org\/web\/tr\/bati-trakya-turk-azinligi-agit-insani-boyut-toplantisinda-temsil-edildi\/#respond\"><i class=\"fa fa-comments-o\"><\/i> 0<\/a><\/span><\/div><div class=\"excerpt\"><p>BTAYTD, 2025 y\u0131l\u0131n\u0131n 3. AG\u0130T (OSCE) Tamamlay\u0131c\u0131 \u0130nsani Boyut Toplant\u0131s\u0131na kat\u0131ld\u0131. Toplant\u0131 2-3 Haziran tarihlerinde AG\u0130T d\u00f6nem ba\u015fkan\u0131 Finlandiya ve&hellip;<\/p>\n<\/div><\/div><\/article><\/div><\/div><div id=\"page_tcihqjpnombedrgxvkzafuylw\" class=\"main-pagination\"><span aria-current=\"page\" class=\"page-numbers current\">1<\/span>\n<a class=\"page-numbers\" href=\"\/web\/wp-json\/wp\/v2\/pages\/375?paged=2\">2<\/a>\n<a class=\"page-numbers\" href=\"\/web\/wp-json\/wp\/v2\/pages\/375?paged=3\">3<\/a>\n<span class=\"page-numbers dots\">&hellip;<\/span>\n<a class=\"page-numbers\" href=\"\/web\/wp-json\/wp\/v2\/pages\/375?paged=7\">7<\/a>\n<a class=\"next page-numbers\" href=\"\/web\/wp-json\/wp\/v2\/pages\/375?paged=2\"><span class=\"visuallyhidden\">Next<\/span><i class=\"fa fa-angle-right\"><\/i><\/a><\/div><\/div><\/div><\/div><\/div><\/div><\/div>","protected":false},"excerpt":{"rendered":"","protected":false},"author":2,"featured_media":0,"parent":0,"menu_order":0,"comment_status":"closed","ping_status":"closed","template":"","meta":{"footnotes":""},"class_list":["post-375","page","type-page","status-publish"],"_links":{"self":[{"href":"https:\/\/www.btaytd.org\/web\/wp-json\/wp\/v2\/pages\/375"}],"collection":[{"href":"https:\/\/www.btaytd.org\/web\/wp-json\/wp\/v2\/pages"}],"about":[{"href":"https:\/\/www.btaytd.org\/web\/wp-json\/wp\/v2\/types\/page"}],"author":[{"embeddable":true,"href":"https:\/\/www.btaytd.org\/web\/wp-json\/wp\/v2\/users\/2"}],"replies":[{"embeddable":true,"href":"https:\/\/www.btaytd.org\/web\/wp-json\/wp\/v2\/comments?post=375"}],"version-history":[{"count":4,"href":"https:\/\/www.btaytd.org\/web\/wp-json\/wp\/v2\/pages\/375\/revisions"}],"predecessor-version":[{"id":1511,"href":"https:\/\/www.btaytd.org\/web\/wp-json\/wp\/v2\/pages\/375\/revisions\/1511"}],"wp:attachment":[{"href":"https:\/\/www.btaytd.org\/web\/wp-json\/wp\/v2\/media?parent=375"}],"curies":[{"name":"wp","href":"https:\/\/api.w.org\/{rel}","templated":true}]}}